{"id":14108,"date":"2023-03-17T16:28:08","date_gmt":"2023-03-17T16:28:08","guid":{"rendered":"http:\/\/moralescasa.com\/cortinas-tradicionales\/"},"modified":"2023-08-19T09:39:14","modified_gmt":"2023-08-19T09:39:14","slug":"tradicionales","status":"publish","type":"page","link":"https:\/\/moralescasa.com\/es\/cortinas\/tradicionales\/","title":{"rendered":"Cortinas Tradicionales"},"content":{"rendered":"<div class=\"wpb-content-wrapper\">[vc_row full_width=\u00bbstretch_row\u00bb content_placement=\u00bbmiddle\u00bb pix_particles_check=\u00bb\u00bb css=\u00bb.vc_custom_1686932912011{margin-top: 20px !important;padding-top: 60px !important;padding-bottom: 0px !important;background-color: #ffffff !important;}\u00bb][vc_column content_align=\u00bbtext-center\u00bb css=\u00bb.vc_custom_1592137735614{padding-right: 30px !important;padding-left: 30px !important;}\u00bb]<div class=\"pix-el-text w-100  \" ><div class=\"d-inline-block\" style=\"max-width:600px;\"><p class=\"text-18 m-0 text-heading-default  font-weight-bold\" ><span class=\"text-heading-default animate-in d-inline-block\" data-anim-delay=\"200\" data-anim-type=\"fade-in-up\">Cl\u00e1sicas y elegantes. La perfecta combinaci\u00f3n de estilo y funcionalidad.<\/span><\/p><\/div><\/div><div id=\"el1686504194614-8af6c04c-4d83\" class=\"mb-3 text-center  vc_custom_1689616385522\"><h1 class=\"mb-32 pix-sliding-headline-2 animate-in font-weight-bold secondary-font \" data-anim-type=\"pix-sliding-text\" pix-anim-delay=\"500\" data-class=\"secondary-font text-gradient-primary\" style=\"\"><span class=\"slide-in-container \"><span class=\"pix-sliding-item secondary-font text-gradient-primary\" style=\"transition-delay: 0ms;\">Cortinas&#32;<\/span><\/span> <span class=\"slide-in-container \"><span class=\"pix-sliding-item secondary-font text-gradient-primary\" style=\"transition-delay: 150ms;\">tradicionales&#32;<\/span><\/span> <\/h1><\/div><div class=\"pix-el-text w-100   vc_custom_1689703902834\" ><div class=\"d-inline-block\" style=\"max-width:600px;\"><p class=\"text-18  text-body-default  \" ><span class=\"text-body-default animate-in d-inline-block\" data-anim-delay=\"900\" data-anim-type=\"fade-in-up\">No te dejes enga\u00f1ar por el nombre, si quieres que un tejido aporte el m\u00e1ximo en la decoraci\u00f3n de tu estancia, esta es tu cortina.<\/span><\/p><\/div><\/div>[\/vc_column][\/vc_row][vc_section full_width=\u00bbstretch_row\u00bb pix_over_visibility=\u00bb\u00bb css=\u00bb.vc_custom_1689616643170{padding-top: 20px !important;padding-bottom: 80px !important;background-color: #ffffff !important;}\u00bb][vc_row full_width=\u00bbstretch_row\u00bb pix_particles_check=\u00bb\u00bb][vc_column css=\u00bb.vc_custom_1590711921348{margin-top: 40px !important;}\u00bb]<div class=\" vc_custom_1690534692876\"><div id=\"pix-slider-c5ffd613\" class=\"pix-main-slider pix-overflow-all-visible pix-one-active pix-effect-standard pix-slider-scale pix-overflow-y-visible pix-slider-1 pix-slider-dots  \" data-flickity='{\"autoPlay\":false,\"freeScroll\":false,\"prevNextButtons\":true,\"wrapAround\":false,\"pageDots\":true,\"adaptiveHeight\":true,\"rightToLeft\":false,\"cellAlign\":\"left\",\"contain\":true,\"slider_effect\":\"pix-effect-standard\",\"pix_id\":\"#pix-slider-c5ffd613\"}'><div class=\"carousel-cell\"><div class=\"slide-inner pix-p-20\"><div class=\"pix-slider-effects\"><div class=\"animate-in d-inline-block w-100\" data-anim-type=\"fade-in-up\" data-anim-delay=\"0\"><div class=\"fly-sm text-left w-100 d-inline-block rounded\"  ><img loading=\"lazy\" decoding=\"async\" class=\"card-img rounded h-100\" width=\"1024\" height=\"728\" srcset=\"https:\/\/moralescasa.com\/wp-content\/uploads\/2023\/07\/cortina-tradicional-morales-casa-4-300x213.jpg 300w, https:\/\/moralescasa.com\/wp-content\/uploads\/2023\/07\/cortina-tradicional-morales-casa-4-768x546.jpg 768w, https:\/\/moralescasa.com\/wp-content\/uploads\/2023\/07\/cortina-tradicional-morales-casa-4.jpg 1024w\" sizes=\"auto, (max-width: 1024px) 100vw, 1024px\" src=\"https:\/\/moralescasa.com\/wp-content\/uploads\/2023\/07\/cortina-tradicional-morales-casa-4.jpg\" alt=\"cortina tradicional morales casa\" style=\"\"\/><\/div><\/div><\/div><\/div><\/div><div class=\"carousel-cell\"><div class=\"slide-inner pix-p-20\"><div class=\"pix-slider-effects\"><div class=\"animate-in d-inline-block w-100\" data-anim-type=\"fade-in-up\" data-anim-delay=\"0\"><div class=\"fly-sm text-left w-100 d-inline-block rounded\"  ><img loading=\"lazy\" decoding=\"async\" class=\"card-img rounded h-100\" width=\"1024\" height=\"728\" srcset=\"https:\/\/moralescasa.com\/wp-content\/uploads\/2023\/07\/cortina-tradicional-morales-casa-3-300x213.png 300w, https:\/\/moralescasa.com\/wp-content\/uploads\/2023\/07\/cortina-tradicional-morales-casa-3-768x546.png 768w, https:\/\/moralescasa.com\/wp-content\/uploads\/2023\/07\/cortina-tradicional-morales-casa-3.png 1024w\" sizes=\"auto, (max-width: 1024px) 100vw, 1024px\" src=\"https:\/\/moralescasa.com\/wp-content\/uploads\/2023\/07\/cortina-tradicional-morales-casa-3.png\" alt=\"cortina tradicional morales casa\" style=\"\"\/><\/div><\/div><\/div><\/div><\/div><div class=\"carousel-cell\"><div class=\"slide-inner pix-p-20\"><div class=\"pix-slider-effects\"><div class=\"animate-in d-inline-block w-100\" data-anim-type=\"fade-in-up\" data-anim-delay=\"0\"><div class=\"fly-sm text-left w-100 d-inline-block rounded\"  ><img loading=\"lazy\" decoding=\"async\" class=\"card-img rounded h-100\" width=\"1024\" height=\"728\" srcset=\"https:\/\/moralescasa.com\/wp-content\/uploads\/2023\/07\/cortina-tradicional-morales-casa-1-300x213.png 300w, https:\/\/moralescasa.com\/wp-content\/uploads\/2023\/07\/cortina-tradicional-morales-casa-1-768x546.png 768w, https:\/\/moralescasa.com\/wp-content\/uploads\/2023\/07\/cortina-tradicional-morales-casa-1.png 1024w\" sizes=\"auto, (max-width: 1024px) 100vw, 1024px\" src=\"https:\/\/moralescasa.com\/wp-content\/uploads\/2023\/07\/cortina-tradicional-morales-casa-1.png\" alt=\"cortina tradicional morales casa\" style=\"\"\/><\/div><\/div><\/div><\/div><\/div><div class=\"carousel-cell\"><div class=\"slide-inner pix-p-20\"><div class=\"pix-slider-effects\"><div class=\"animate-in d-inline-block w-100\" data-anim-type=\"fade-in-up\" data-anim-delay=\"0\"><div class=\"fly-sm text-left w-100 d-inline-block rounded\"  ><img loading=\"lazy\" decoding=\"async\" class=\"card-img rounded h-100\" width=\"1024\" height=\"728\" srcset=\"https:\/\/moralescasa.com\/wp-content\/uploads\/2023\/07\/cortina-tradicional-morales-casa-2-300x213.png 300w, https:\/\/moralescasa.com\/wp-content\/uploads\/2023\/07\/cortina-tradicional-morales-casa-2-768x546.png 768w, https:\/\/moralescasa.com\/wp-content\/uploads\/2023\/07\/cortina-tradicional-morales-casa-2.png 1024w\" sizes=\"auto, (max-width: 1024px) 100vw, 1024px\" src=\"https:\/\/moralescasa.com\/wp-content\/uploads\/2023\/07\/cortina-tradicional-morales-casa-2.png\" alt=\"cortina tradicional morales casa\" style=\"\"\/><\/div><\/div><\/div><\/div><\/div><\/div><\/div>[\/vc_column][\/vc_row][vc_row content_placement=\u00bbmiddle\u00bb pix_particles_check=\u00bb\u00bb css=\u00bb.vc_custom_1591436044122{padding-top: 60px !important;}\u00bb][vc_column content_align=\u00bbtext-center\u00bb css=\u00bb.vc_custom_1591436052871{padding-right: 30px !important;padding-left: 30px !important;}\u00bb]<div class=\"pix-content-box card      vc_custom_1589839877849    rounded-10  animate-in bg- w-100  \"  data-anim-type=\"fade-in-up\" data-anim-delay=\"0\"><div class=\"\" style=\"z-index:30;position:relative;\">[vc_row_inner css=\u00bb.vc_custom_1591435919226{padding-top: 40px !important;padding-bottom: 20px !important;}\u00bb][vc_column_inner width=\u00bb1\/3&#8243;]<div id=\"pix-feature-1679070442627-6c39c739-7382\" class=\"pix-feature-el text-center  vc_custom_1689705036665\"><div class=\"pix-feature-icon d-inline-block mw-100 text-gray-5 animate-in\" data-anim-type=\"fade-in-up\" data-anim-delay=\"200\" style=\"aspect-ratio:1\/1 !important;position:relative;text-align:center;font-size:46px;line-height:46px;\"><svg class=\"pixfort-icon \" width=\"24\" height=\"24\"  data-name=\"Duotone\/pixfort-icon-brush-1\" viewBox=\"2 2 20 20\"><g fill=\"none\" fill-rule=\"evenodd\"><path fill=\"var(--pf-icon-color)\" fill-opacity=\".25\" d=\"M19.2434158,10.2423583 L10.2434158,10.2423583 C9.71978987,10.2423583 9.28482917,10.6462914 9.24614804,11.1684866 L9.15978718,12.3976436 C9.05661668,13.9593211 9.00136966,15.2124756 8.9941874,16.1603515 L8.9941874,16.5567873 L9.00607651,17.2007076 C9.04500901,18.3672694 9.19394104,18.8356549 9.7962022,19.1367855 L9.95513357,19.2103275 C10.9968322,19.6564384 12.6788579,19.7211298 13.4505226,18.9494651 L13.4604158,18.9383583 L13.6180287,19.0397635 C13.6755928,19.0738231 13.7349828,19.1061758 13.7962022,19.1367855 C15.1401698,19.8087693 19.0912184,19.8087693 19.9505226,18.9494651 C20.3859643,18.5140234 20.4802915,17.8327716 20.4925507,16.4518996 L20.4925507,16.0312857 L20.4839203,15.4957378 C20.457521,14.3719438 20.3763022,12.9314772 20.2404703,11.1656618 C20.2003936,10.6446647 19.7659521,10.2423583 19.2434158,10.2423583 Z\" transform=\"rotate(-45 14.743 14.93)\"\/><path fill=\"var(--pf-icon-color)\" d=\"M3.11957297,2.95351958 C3.50321287,2.56987968 4.12278545,2.56213623 4.51589352,2.9360683 L11.0571259,9.1576259 L12.3473164,7.86791174 C13.1655578,7.04967035 14.4679802,7.01070648 15.3323341,7.75102012 L15.4585863,7.86791174 L16.0242717,8.43359713 C16.414796,8.82412143 16.414796,9.45728641 16.0242717,9.8478107 L9.6603107,16.2117717 C9.26978641,16.602296 8.63662143,16.602296 8.24609713,16.2117717 L7.68041174,15.6460863 C6.82125828,14.7869329 6.82125828,13.3939699 7.68041174,12.5348164 L8.9701259,11.2446259 L2.7485683,4.70339352 C2.40340024,4.34052453 2.38344682,3.7846917 2.68416264,3.39958294 L2.76601958,3.30707297 Z\"\/><\/g><\/svg><\/div><h5 class=\"pix-feature-title font-weight-bold   text-heading-default animate-in\" style=\"padding-top:20px;\" data-anim-type=\"fade-in-up\" data-anim-delay=\"300\">Varios estilos<\/h5><div class=\"pix-feature-content text-body-default text-18     animate-in\" style=\"padding-top:10px;\" data-anim-type=\"fade-in-up\" data-anim-delay=\"400\">Industrial, boho, minimalista, con el tejido y la confecci\u00f3n adecuada encaja de maravilla en cualquier estilo.<\/div><\/div>[\/vc_column_inner][vc_column_inner width=\u00bb1\/3&#8243;]<div id=\"pix-feature-1679070442668-c6eeb4a2-f367\" class=\"pix-feature-el text-center  vc_custom_1689705047117\"><div class=\"pix-feature-icon d-inline-block mw-100 text-gray-5 animate-in\" data-anim-type=\"fade-in-up\" data-anim-delay=\"400\" style=\"aspect-ratio:1\/1 !important;position:relative;text-align:center;font-size:46px;line-height:46px;\"><svg class=\"pixfort-icon \" width=\"24\" height=\"24\"  data-name=\"Duotone\/pixfort-icon-scissors-1\" viewBox=\"2 2 20 20\"><g fill=\"none\" fill-rule=\"evenodd\"><path fill=\"var(--pf-icon-color)\" fill-opacity=\".25\" d=\"M8.1246655,1.19613085 L12.6944554,12.596575 C12.894012,12.3720246 13.1308909,12.1764141 13.403994,12.018738 C14.9510475,11.1255462 16.9710926,11.8476635 17.9484256,13.5404539 C18.9257586,15.2332443 18.5411079,17.3437133 16.9940545,18.236905 C15.4990998,19.1000175 13.5624741,18.4547838 12.551851,16.882882 C12.524646,16.8513023 12.4987975,16.8169664 12.4742737,16.77985 C9.21782778,11.8512542 7.19763942,6.81232769 6.42188826,1.66798576 C6.26319094,0.615595061 7.72906423,0.209388372 8.1246655,1.19613085 Z M14.3015091,13.5732797 C13.8048216,13.8600424 13.583854,14.52783 13.7487204,15.2254164 L13.9892877,15.8262632 C14.4990064,16.709122 15.4570213,17.0515892 16.0965394,16.6823633 C16.7360574,16.3131374 16.9184796,15.3122385 16.4087608,14.4293798 C15.8990421,13.546521 14.9410272,13.2040538 14.3015091,13.5732797 Z\" transform=\"rotate(-45 12.447 9.628)\"\/><path fill=\"var(--pf-icon-color)\" d=\"M13.9625763,3.99304785 C14.3568651,3.0071018 15.8212676,3.40967988 15.6660658,4.46135322 C14.9103427,9.58225958 12.8998006,14.609757 9.64292998,19.5389956 C9.63036739,19.5580089 9.61745695,19.5762926 9.60422281,19.5938595 C8.62876695,21.2091958 6.68535012,21.9054046 5.16374027,21.0619625 C3.60133408,20.1959066 3.17990927,18.0924721 4.12755013,16.3828827 C5.07519099,14.6732934 7.08232575,13.9160314 8.64473194,14.7820873 C8.9388224,14.9451043 9.19248763,15.1519619 9.40420652,15.3917815 Z M7.77448402,16.3520561 C7.12861951,15.9940476 6.17672737,16.3531822 5.68249428,17.2448024 C5.18826118,18.1364225 5.38812367,19.1339852 6.03398819,19.4919937 C6.6798527,19.8500023 7.63174484,19.4908676 8.12597794,18.5992475 L8.11070687,18.6230512 L8.34451438,18.0441565 C8.50733324,17.3758325 8.31836853,16.7331201 7.87795592,16.4175182 Z\" transform=\"rotate(-45 9.652 12.426)\"\/><\/g><\/svg><\/div><h5 class=\"pix-feature-title font-weight-bold   text-heading-default animate-in\" style=\"padding-top:20px;\" data-anim-type=\"fade-in-up\" data-anim-delay=\"500\">Diversidad de opciones<\/h5><div class=\"pix-feature-content text-body-default text-18     animate-in\" style=\"padding-top:10px;\" data-anim-type=\"fade-in-up\" data-anim-delay=\"600\">Infinidad de opciones de confecci\u00f3n y sistemas de instalaci\u00f3n. Con un mismo tejido se pueden obtener resultados muy diferentes.<\/div><\/div>[\/vc_column_inner][vc_column_inner width=\u00bb1\/3&#8243;]<div id=\"pix-feature-1679070442695-27d5acde-34f3\" class=\"pix-feature-el text-center  vc_custom_1689705053988\"><div class=\"pix-feature-icon d-inline-block mw-100 text-gray-5 animate-in\" data-anim-type=\"fade-in-up\" data-anim-delay=\"600\" style=\"aspect-ratio:1\/1 !important;position:relative;text-align:center;font-size:46px;line-height:46px;\"><svg class=\"pixfort-icon \" width=\"24\" height=\"24\"  data-name=\"Duotone\/pixfort-icon-sunset-sunrise-1\" viewBox=\"2 2 20 20\"><g fill=\"none\" fill-rule=\"evenodd\"><path fill=\"var(--pf-icon-color)\" fill-opacity=\".25\" d=\"M12,6 C15.3137085,6 18,8.6862915 18,12 C18,12.5522847 6,12.5522847 6,12 C6,8.6862915 8.6862915,6 12,6 Z M19.7071068,4.29289322 C20.0976311,4.68341751 20.0976311,5.31658249 19.7071068,5.70710678 L18.7071068,6.70710678 C18.3165825,7.09763107 17.6834175,7.09763107 17.2928932,6.70710678 C16.9023689,6.31658249 16.9023689,5.68341751 17.2928932,5.29289322 L18.2928932,4.29289322 C18.6834175,3.90236893 19.3165825,3.90236893 19.7071068,4.29289322 Z M5.70710678,4.29289322 L6.70710678,5.29289322 C7.09763107,5.68341751 7.09763107,6.31658249 6.70710678,6.70710678 C6.31658249,7.09763107 5.68341751,7.09763107 5.29289322,6.70710678 L4.29289322,5.70710678 C3.90236893,5.31658249 3.90236893,4.68341751 4.29289322,4.29289322 C4.68341751,3.90236893 5.31658249,3.90236893 5.70710678,4.29289322 Z M12,2 C12.5522847,2 13,2.44771525 13,3 L13,4 C13,4.55228475 12.5522847,5 12,5 C11.4477153,5 11,4.55228475 11,4 L11,3 C11,2.44771525 11.4477153,2 12,2 Z\"\/><path fill=\"var(--pf-icon-color)\" d=\"M21,11 C21.5522847,11 22,11.4477153 22,12 C22,12.5522847 21.5522847,13 21,13 L3,13 C2.44771525,13 2,12.5522847 2,12 C2,11.4477153 2.44771525,11 3,11 L21,11 Z M19,15 C19.5522847,15 20,15.4477153 20,16 C20,16.5522847 19.5522847,17 19,17 L5,17 C4.44771525,17 4,16.5522847 4,16 C4,15.4477153 4.44771525,15 5,15 L19,15 Z M16,19 C16.5522847,19 17,19.4477153 17,20 C17,20.5522847 16.5522847,21 16,21 L8,21 C7.44771525,21 7,20.5522847 7,20 C7,19.4477153 7.44771525,19 8,19 L16,19 Z\"\/><\/g><\/svg><\/div><h5 class=\"pix-feature-title font-weight-bold   text-heading-default animate-in\" style=\"padding-top:20px;\" data-anim-type=\"fade-in-up\" data-anim-delay=\"700\">M\u00faltiples tejidos<\/h5><div class=\"pix-feature-content text-body-default text-18     animate-in\" style=\"padding-top:10px;\" data-anim-type=\"fade-in-up\" data-anim-delay=\"800\">La gran variedad de tejidos ofrece muchas posibilidades para el control solar y la privacidad. Desde cortinillas pr\u00e1cticamente transparentes, hasta tejidos opacos para oscurecer.<\/div><\/div>[\/vc_column_inner][\/vc_row_inner]<\/div><\/div>[\/vc_column][\/vc_row][\/vc_section][vc_row pix_particles_check=\u00bb\u00bb][vc_column]<div class=\"text-center  vc_custom_1692435277663\"><div><h3 class=\"pix-headline my-3 display-4 slide-inverse text-gray-7 font-weight-bold  \" style=\"\"><span>Nuestras cortinas tradicionales destacan por su <\/span><span class=\"pix-words-wrapper is-last\"><span class=\"is-visible text-primary\" >durabilidad<\/span> <span class=\"text-secondary\" >belleza<\/span> <span class=\"text-brown\" >privacidad<\/span> <\/span><\/h3><\/div><\/div>[\/vc_column][\/vc_row][vc_row full_width=\u00bbstretch_row\u00bb content_placement=\u00bbmiddle\u00bb pix_bg_grdient=\u00bbbg-gradient-primary\u00bb pix_particles_check=\u00bb\u00bb css=\u00bb.vc_custom_1590027399640{padding-top: 40px !important;padding-bottom: 40px !important;background-color: #f8f9fa !important;}\u00bb][vc_column width=\u00bb1\/3&#8243;]<div id=\"el1689779975959-4cca2808-bc12\" class=\"mb-3 text-left \"><p class=\"mb-32 pix-sliding-headline-2 animate-in font-weight-bold secondary-font \" data-anim-type=\"pix-sliding-text\" pix-anim-delay=\"500\" data-class=\"secondary-font text-white\" style=\"\"><span class=\"slide-in-container \"><span class=\"pix-sliding-item secondary-font text-white\" style=\"transition-delay: 0ms;\">\u00bfTe&#32;<\/span><\/span> <span class=\"slide-in-container \"><span class=\"pix-sliding-item secondary-font text-white\" style=\"transition-delay: 150ms;\">ayudamos?&#32;<\/span><\/span> <\/p><\/div><div class=\"pix-el-text w-100  \" ><p class=\"text-18  text-light-opacity-7  \" ><span class=\"text-light-opacity-7 animate-in d-inline-block\" data-anim-delay=\"200\" data-anim-type=\"fade-in-up\">D\u00e9janos tus datos y nos pondremos en contacto muy pronto.<\/span><\/p><\/div>[\/vc_column][vc_column width=\u00bb2\/3&#8243;]\n<div class=\"wpcf7 no-js\" id=\"wpcf7-f14211-o1\" lang=\"es-ES\" dir=\"ltr\" data-wpcf7-id=\"14211\">\n<div class=\"screen-reader-response\"><p role=\"status\" aria-live=\"polite\" aria-atomic=\"true\"><\/p> <ul><\/ul><\/div>\n<form action=\"\/es\/wp-json\/wp\/v2\/pages\/14108#wpcf7-f14211-o1\" method=\"post\" class=\"wpcf7-form init\" aria-label=\"Formulario de contacto\" novalidate=\"novalidate\" data-status=\"init\">\n<fieldset class=\"hidden-fields-container\"><input type=\"hidden\" name=\"_wpcf7\" value=\"14211\" \/><input type=\"hidden\" name=\"_wpcf7_version\" value=\"6.1.5\" \/><input type=\"hidden\" name=\"_wpcf7_locale\" value=\"es_ES\" \/><input type=\"hidden\" name=\"_wpcf7_unit_tag\" value=\"wpcf7-f14211-o1\" \/><input type=\"hidden\" name=\"_wpcf7_container_post\" value=\"0\" \/><input type=\"hidden\" name=\"_wpcf7_posted_data_hash\" value=\"\" \/><input type=\"hidden\" name=\"_wpcf7_recaptcha_response\" value=\"\" \/>\n<\/fieldset>\n<div class=\"pix-contact7-form\"><div class=\"row\">\n\t<div class=\"col-lg-4\">\n\t\t<p><label class=\"w-100\"><span class=\"wpcf7-form-control-wrap\" data-name=\"your-name\"><input size=\"40\" maxlength=\"400\" class=\"wpcf7-form-control wpcf7-text wpcf7-validates-as-required form-control form-control-lg\" aria-required=\"true\" aria-invalid=\"false\" placeholder=\"Nombre\" value=\"\" type=\"text\" name=\"your-name\" \/><\/span><\/label>\n\t\t<\/p>\n\t<\/div>\n\t<div class=\"col-lg-4\">\n\t\t<p><label class=\"w-100\"><span class=\"wpcf7-form-control-wrap\" data-name=\"your-email\"><input size=\"40\" maxlength=\"400\" class=\"wpcf7-form-control wpcf7-email wpcf7-validates-as-required wpcf7-text wpcf7-validates-as-email form-control form-control-lg\" aria-required=\"true\" aria-invalid=\"false\" placeholder=\"Email\" value=\"\" type=\"email\" name=\"your-email\" \/><\/span><\/label>\n\t\t<\/p>\n\t<\/div>\n\t<div class=\"col-lg-4\">\n\t\t<p><label class=\"w-100\"><span class=\"wpcf7-form-control-wrap\" data-name=\"your-phone\"><input size=\"40\" maxlength=\"400\" class=\"wpcf7-form-control wpcf7-tel wpcf7-text wpcf7-validates-as-tel form-control form-control-lg\" aria-invalid=\"false\" placeholder=\"Tel\u00e9fono\" value=\"\" type=\"tel\" name=\"your-phone\" \/><\/span><\/label>\n\t\t<\/p>\n\t<\/div>\n<\/div>\n<div class=\"row\">\n\t<div class=\"col-lg-8\">\n\t\t<p><label class=\"w-100\"><span class=\"wpcf7-form-control-wrap\" data-name=\"your-text\"><textarea cols=\"20\" rows=\"2\" maxlength=\"2000\" class=\"wpcf7-form-control wpcf7-textarea form-control form-control-lg\" aria-invalid=\"false\" placeholder=\"Comentarios\" name=\"your-text\"><\/textarea><\/span><\/label>\n\t\t<\/p>\n\t<\/div>\n\t<div class=\"col-lg-4\">\n\t\t<p><input class=\"wpcf7-form-control wpcf7-submit has-spinner btn btn-secondary text-white w-100 font-weight-bold shadow-lg btn-lg shadow-lg-hover secondary-font\" type=\"submit\" value=\"Enviar\" \/>\n\t\t<\/p>\n\t<\/div>\n<\/div><\/div><div class=\"wpcf7-response-output\" aria-hidden=\"true\"><\/div>\n<\/form>\n<\/div>\n[\/vc_column][\/vc_row][vc_section full_width=\u00bbstretch_row\u00bb pix_over_visibility=\u00bb\u00bb css=\u00bb.vc_custom_1592215658102{padding-top: 80px !important;padding-bottom: 80px !important;background-color: #ffffff !important;}\u00bb][vc_row full_width=\u00bbstretch_row\u00bb pix_particles_check=\u00bb\u00bb css=\u00bb.vc_custom_1591624777985{padding-bottom: 20px !important;}\u00bb][vc_column]<div id=\"el1679070592037-d3f2912a-d5b9\" class=\"mb-3 text-center  vc_custom_1689783029479\"><div class=\"d-inline-block\" style=\"max-width:500px;\"><p class=\"mb-32 pix-sliding-headline-2 animate-in font-weight-bold secondary-font display-4 \" data-anim-type=\"pix-sliding-text\" pix-anim-delay=\"500\" data-class=\"secondary-font text-secondary\" style=\"\"><span class=\"slide-in-container \"><span class=\"pix-sliding-item secondary-font text-secondary\" style=\"transition-delay: 0ms;\">Proyectos&#32;<\/span><\/span> <\/p><\/div><\/div><div class=\"pix-el-text w-100 text-center \" ><div class=\"d-inline-block\" style=\"max-width:500px;\"><p class=\"text-18  text-body-default text-center \" ><span class=\"text-body-default animate-in d-inline-block\" data-anim-delay=\"1000\" data-anim-type=\"fade-in-up\">Estos son algunos de nuestros trabajos que te pueden inspirar para la elecci\u00f3n de tus cortinas. Para cualquier duda, contacta con nosotros y te asesoramos.<\/span><\/p><\/div><\/div>[\/vc_column][\/vc_row][vc_row full_width=\u00bbstretch_row\u00bb equal_height=\u00bbyes\u00bb content_placement=\u00bbmiddle\u00bb pix_particles_check=\u00bb\u00bb][vc_column]<div class=\"\"><div id=\"pix-slider-123138996\" class=\"pix-main-slider pix-overflow-all-visible pix-style-standard pix-circular-slider   pix-slider-3 pix-slider-dots  \" data-flickity='{\"autoPlay\":false,\"freeScroll\":false,\"prevNextButtons\":true,\"wrapAround\":true,\"pageDots\":true,\"adaptiveHeight\":true,\"rightToLeft\":false,\"cellAlign\":\"left\",\"contain\":true,\"slider_effect\":\"pix-circular-slider\",\"pix_id\":\"#pix-slider-123138996\"}'><div class=\"carousel-cell\"><div class=\"slide-inner pix-p-10\"><div class=\"pix-slider-effects\"><a href=\"https:\/\/moralescasa.com\/es\/proyectos\/malla-pietra-de-saum-viebahn-domicilio-particular-badalona\/\" class=\" fly-sm\"><div class=\"card pix-base-background rounded-10 overflow-hidden fly-sm shadow shadow-hover pix-mb-302 animate-in\" data-anim-type=\"fade-in\" data-anim-delay=\"200\"><img decoding=\"async\" width=\"1734\" height=\"1734\" src=\"https:\/\/moralescasa.com\/wp-content\/uploads\/2024\/08\/prof4.jpg\" class=\"card-img-top img-fluid\" alt=\"Malla Pietra de Saum &#038; Viebahn. Domicilio particular, Badalona\" loading=\"lazy\" style=\"height:225px !important;width:100%;object-fit: cover;\" srcset=\"https:\/\/moralescasa.com\/wp-content\/uploads\/2024\/08\/prof4.jpg 1734w, https:\/\/moralescasa.com\/wp-content\/uploads\/2024\/08\/prof4-300x300.jpg 300w, https:\/\/moralescasa.com\/wp-content\/uploads\/2024\/08\/prof4-1024x1024.jpg 1024w, https:\/\/moralescasa.com\/wp-content\/uploads\/2024\/08\/prof4-150x150.jpg 150w, https:\/\/moralescasa.com\/wp-content\/uploads\/2024\/08\/prof4-768x768.jpg 768w, https:\/\/moralescasa.com\/wp-content\/uploads\/2024\/08\/prof4-1536x1536.jpg 1536w, https:\/\/moralescasa.com\/wp-content\/uploads\/2024\/08\/prof4-400x400.jpg 400w, https:\/\/moralescasa.com\/wp-content\/uploads\/2024\/08\/prof4-75x75.jpg 75w, https:\/\/moralescasa.com\/wp-content\/uploads\/2024\/08\/prof4-460x460.jpg 460w\" sizes=\"auto, (max-width: 1734px) 100vw, 1734px\" \/><div class=\"card-body\"><div class=\"d-flex justify-content-between align-items-center\"><h6 class=\"card-title mb-0 text-heading-default\"><strong>Malla Pietra de Saum &#038; Viebahn. Domicilio particular, Badalona<\/strong><\/h6><svg class=\"pixfort-icon text-heading-default\" width=\"24\" height=\"24\"  data-name=\"Line\/pixfort-icon-arrow-right-2\" viewBox=\"2 2 20 20\"><polyline fill=\"none\" stroke=\"var(--pf-icon-color)\" stroke-linecap=\"round\" stroke-linejoin=\"round\" stroke-width=\"var(--pf-icon-stroke-width)\" points=\"9.5 17 14.5 12 9.5 7\"\/><\/svg><\/div><\/div><\/div><\/a><\/div><\/div><\/div><div class=\"carousel-cell\"><div class=\"slide-inner pix-p-10\"><div class=\"pix-slider-effects\"><a href=\"https:\/\/moralescasa.com\/es\/proyectos\/malla-acrilica-para-uso-exterior-proteccion-contra-insectos-en-un-porche-domicilio-particular-llica-de-val\/\" class=\" fly-sm\"><div class=\"card pix-base-background rounded-10 overflow-hidden fly-sm shadow shadow-hover pix-mb-302 animate-in\" data-anim-type=\"fade-in\" data-anim-delay=\"200\"><img decoding=\"async\" width=\"1125\" height=\"2000\" src=\"https:\/\/moralescasa.com\/wp-content\/uploads\/2024\/08\/prof6.jpg\" class=\"card-img-top img-fluid\" alt=\"Malla acr\u00edlica para uso exterior. Protecci\u00f3n contra insectos en un porche. Domicilio particular, Lli\u00e7\u00e0 de Val\" loading=\"lazy\" style=\"height:225px !important;width:100%;object-fit: cover;\" srcset=\"https:\/\/moralescasa.com\/wp-content\/uploads\/2024\/08\/prof6.jpg 1125w, https:\/\/moralescasa.com\/wp-content\/uploads\/2024\/08\/prof6-169x300.jpg 169w, https:\/\/moralescasa.com\/wp-content\/uploads\/2024\/08\/prof6-576x1024.jpg 576w, https:\/\/moralescasa.com\/wp-content\/uploads\/2024\/08\/prof6-768x1365.jpg 768w, https:\/\/moralescasa.com\/wp-content\/uploads\/2024\/08\/prof6-864x1536.jpg 864w\" sizes=\"auto, (max-width: 1125px) 100vw, 1125px\" \/><div class=\"card-body\"><div class=\"d-flex justify-content-between align-items-center\"><h6 class=\"card-title mb-0 text-heading-default\"><strong>Malla acr\u00edlica para uso exterior. Protecci\u00f3n contra insectos en un porche. Domicilio particular, Lli\u00e7\u00e0 de Val<\/strong><\/h6><svg class=\"pixfort-icon text-heading-default\" width=\"24\" height=\"24\"  data-name=\"Line\/pixfort-icon-arrow-right-2\" viewBox=\"2 2 20 20\"><polyline fill=\"none\" stroke=\"var(--pf-icon-color)\" stroke-linecap=\"round\" stroke-linejoin=\"round\" stroke-width=\"var(--pf-icon-stroke-width)\" points=\"9.5 17 14.5 12 9.5 7\"\/><\/svg><\/div><\/div><\/div><\/a><\/div><\/div><\/div><div class=\"carousel-cell\"><div class=\"slide-inner pix-p-10\"><div class=\"pix-slider-effects\"><a href=\"https:\/\/moralescasa.com\/es\/proyectos\/detalle-confeccion-ojal-pequeno-malla-acrilica-para-uso-exterior\/\" class=\" fly-sm\"><div class=\"card pix-base-background rounded-10 overflow-hidden fly-sm shadow shadow-hover pix-mb-302 animate-in\" data-anim-type=\"fade-in\" data-anim-delay=\"200\"><img decoding=\"async\" width=\"1125\" height=\"2000\" src=\"https:\/\/moralescasa.com\/wp-content\/uploads\/2024\/08\/prof7.jpg\" class=\"card-img-top img-fluid\" alt=\"Detalle confecci\u00f3n ojal peque\u00f1o, malla acr\u00edlica para uso exterior\" loading=\"lazy\" style=\"height:225px !important;width:100%;object-fit: cover;\" srcset=\"https:\/\/moralescasa.com\/wp-content\/uploads\/2024\/08\/prof7.jpg 1125w, https:\/\/moralescasa.com\/wp-content\/uploads\/2024\/08\/prof7-169x300.jpg 169w, https:\/\/moralescasa.com\/wp-content\/uploads\/2024\/08\/prof7-576x1024.jpg 576w, https:\/\/moralescasa.com\/wp-content\/uploads\/2024\/08\/prof7-768x1365.jpg 768w, https:\/\/moralescasa.com\/wp-content\/uploads\/2024\/08\/prof7-864x1536.jpg 864w\" sizes=\"auto, (max-width: 1125px) 100vw, 1125px\" \/><div class=\"card-body\"><div class=\"d-flex justify-content-between align-items-center\"><h6 class=\"card-title mb-0 text-heading-default\"><strong>Detalle confecci\u00f3n ojal peque\u00f1o, malla acr\u00edlica para uso exterior<\/strong><\/h6><svg class=\"pixfort-icon text-heading-default\" width=\"24\" height=\"24\"  data-name=\"Line\/pixfort-icon-arrow-right-2\" viewBox=\"2 2 20 20\"><polyline fill=\"none\" stroke=\"var(--pf-icon-color)\" stroke-linecap=\"round\" stroke-linejoin=\"round\" stroke-width=\"var(--pf-icon-stroke-width)\" points=\"9.5 17 14.5 12 9.5 7\"\/><\/svg><\/div><\/div><\/div><\/a><\/div><\/div><\/div><div class=\"carousel-cell\"><div class=\"slide-inner pix-p-10\"><div class=\"pix-slider-effects\"><a href=\"https:\/\/moralescasa.com\/es\/proyectos\/riel-en-curva-y-suspendido-separadores-en-institut-salvador-segui-barcelona\/\" class=\" fly-sm\"><div class=\"card pix-base-background rounded-10 overflow-hidden fly-sm shadow shadow-hover pix-mb-302 animate-in\" data-anim-type=\"fade-in\" data-anim-delay=\"200\"><img decoding=\"async\" width=\"1500\" height=\"2000\" src=\"https:\/\/moralescasa.com\/wp-content\/uploads\/2024\/08\/prof9.jpg\" class=\"card-img-top img-fluid\" alt=\"Riel en curva y suspendido. Separadores en Institut Salvador Segu\u00ed, Barcelona\" loading=\"lazy\" style=\"height:225px !important;width:100%;object-fit: cover;\" srcset=\"https:\/\/moralescasa.com\/wp-content\/uploads\/2024\/08\/prof9.jpg 1500w, https:\/\/moralescasa.com\/wp-content\/uploads\/2024\/08\/prof9-225x300.jpg 225w, https:\/\/moralescasa.com\/wp-content\/uploads\/2024\/08\/prof9-768x1024.jpg 768w, https:\/\/moralescasa.com\/wp-content\/uploads\/2024\/08\/prof9-1152x1536.jpg 1152w\" sizes=\"auto, (max-width: 1500px) 100vw, 1500px\" \/><div class=\"card-body\"><div class=\"d-flex justify-content-between align-items-center\"><h6 class=\"card-title mb-0 text-heading-default\"><strong>Riel en curva y suspendido. Separadores en Institut Salvador Segu\u00ed, Barcelona<\/strong><\/h6><svg class=\"pixfort-icon text-heading-default\" width=\"24\" height=\"24\"  data-name=\"Line\/pixfort-icon-arrow-right-2\" viewBox=\"2 2 20 20\"><polyline fill=\"none\" stroke=\"var(--pf-icon-color)\" stroke-linecap=\"round\" stroke-linejoin=\"round\" stroke-width=\"var(--pf-icon-stroke-width)\" points=\"9.5 17 14.5 12 9.5 7\"\/><\/svg><\/div><\/div><\/div><\/a><\/div><\/div><\/div><div class=\"carousel-cell\"><div class=\"slide-inner pix-p-10\"><div class=\"pix-slider-effects\"><a href=\"https:\/\/moralescasa.com\/es\/proyectos\/separadores-de-camillas-de-trabajo-institut-salvador-segui-barcelona\/\" class=\" fly-sm\"><div class=\"card pix-base-background rounded-10 overflow-hidden fly-sm shadow shadow-hover pix-mb-302 animate-in\" data-anim-type=\"fade-in\" data-anim-delay=\"200\"><img decoding=\"async\" width=\"2560\" height=\"1440\" src=\"https:\/\/moralescasa.com\/wp-content\/uploads\/2024\/08\/prof8-1-scaled.jpg\" class=\"card-img-top img-fluid\" alt=\"Separadores de camillas de trabajo. Institut Salvador Segu\u00ed, Barcelona\" loading=\"lazy\" style=\"height:225px !important;width:100%;object-fit: cover;\" srcset=\"https:\/\/moralescasa.com\/wp-content\/uploads\/2024\/08\/prof8-1-scaled.jpg 2560w, https:\/\/moralescasa.com\/wp-content\/uploads\/2024\/08\/prof8-1-300x169.jpg 300w, https:\/\/moralescasa.com\/wp-content\/uploads\/2024\/08\/prof8-1-1024x576.jpg 1024w, https:\/\/moralescasa.com\/wp-content\/uploads\/2024\/08\/prof8-1-768x432.jpg 768w, https:\/\/moralescasa.com\/wp-content\/uploads\/2024\/08\/prof8-1-1536x864.jpg 1536w, https:\/\/moralescasa.com\/wp-content\/uploads\/2024\/08\/prof8-1-2048x1152.jpg 2048w, https:\/\/moralescasa.com\/wp-content\/uploads\/2024\/08\/prof8-1-1920x1080.jpg 1920w\" sizes=\"auto, (max-width: 2560px) 100vw, 2560px\" \/><div class=\"card-body\"><div class=\"d-flex justify-content-between align-items-center\"><h6 class=\"card-title mb-0 text-heading-default\"><strong>Separadores de camillas de trabajo. Institut Salvador Segu\u00ed, Barcelona<\/strong><\/h6><svg class=\"pixfort-icon text-heading-default\" width=\"24\" height=\"24\"  data-name=\"Line\/pixfort-icon-arrow-right-2\" viewBox=\"2 2 20 20\"><polyline fill=\"none\" stroke=\"var(--pf-icon-color)\" stroke-linecap=\"round\" stroke-linejoin=\"round\" stroke-width=\"var(--pf-icon-stroke-width)\" points=\"9.5 17 14.5 12 9.5 7\"\/><\/svg><\/div><\/div><\/div><\/a><\/div><\/div><\/div><\/div><\/div>\n[\/vc_column][\/vc_row][\/vc_section]<\/div>","protected":false},"excerpt":{"rendered":"[vc_row full_width=\u00bbstretch_row\u00bb content_placement=\u00bbmiddle\u00bb pix_particles_check=\u00bb\u00bb css=\u00bb.vc_custom_1686932912011{margin-top: 20px !important;padding-top: 60px !important;padding-bottom: 0px !important;background-color: #ffffff !important;}\u00bb][vc_column content_align=\u00bbtext-center\u00bb css=\u00bb.vc_custom_1592137735614{padding-right: 30px !important;padding-left: 30px !important;}\u00bb][\/vc_column][\/vc_row][vc_section full_width=\u00bbstretch_row\u00bb pix_over_visibility=\u00bb\u00bb css=\u00bb.vc_custom_1689616643170{padding-top: 20px !important;padding-bottom: 80px !important;background-color: #ffffff !important;}\u00bb][vc_row full_width=\u00bbstretch_row\u00bb pix_particles_check=\u00bb\u00bb][vc_column css=\u00bb.vc_custom_1590711921348{margin-top: 40px !important;}\u00bb][\/vc_column][\/vc_row][vc_row content_placement=\u00bbmiddle\u00bb pix_particles_check=\u00bb\u00bb css=\u00bb.vc_custom_1591436044122{padding-top: 60px !important;}\u00bb][vc_column content_align=\u00bbtext-center\u00bb css=\u00bb.vc_custom_1591436052871{padding-right:&#8230;","protected":false},"author":1,"featured_media":13596,"parent":14126,"menu_order":0,"comment_status":"closed","ping_status":"closed","template":"","meta":{"footnotes":""},"class_list":["post-14108","page","type-page","status-publish","has-post-thumbnail","hentry"],"yoast_head":"<!-- This site is optimized with the Yoast SEO plugin v27.5 - https:\/\/yoast.com\/product\/yoast-seo-wordpress\/ -->\n<title>Cortinas Tradicionales - Morales Casa<\/title>\n<meta name=\"robots\" content=\"index, follow, max-snippet:-1, max-image-preview:large, max-video-preview:-1\" \/>\n<link rel=\"canonical\" href=\"https:\/\/moralescasa.com\/es\/cortinas\/tradicionales\/\" \/>\n<meta property=\"og:locale\" content=\"es_ES\" \/>\n<meta property=\"og:type\" content=\"article\" \/>\n<meta property=\"og:title\" content=\"Cortinas Tradicionales - Morales Casa\" \/>\n<meta property=\"og:description\" content=\"[vc_row full_width=\u00bbstretch_row\u00bb content_placement=\u00bbmiddle\u00bb pix_particles_check=\u00bb\u00bb css=\u00bb.vc_custom_1686932912011{margin-top: 20px !important;padding-top: 60px !important;padding-bottom: 0px !important;background-color: #ffffff !important;}\u00bb][vc_column content_align=\u00bbtext-center\u00bb css=\u00bb.vc_custom_1592137735614{padding-right: 30px !important;padding-left: 30px !important;}\u00bb][\/vc_column][\/vc_row][vc_section full_width=\u00bbstretch_row\u00bb pix_over_visibility=\u00bb\u00bb css=\u00bb.vc_custom_1689616643170{padding-top: 20px !important;padding-bottom: 80px !important;background-color: #ffffff !important;}\u00bb][vc_row full_width=\u00bbstretch_row\u00bb pix_particles_check=\u00bb\u00bb][vc_column css=\u00bb.vc_custom_1590711921348{margin-top: 40px !important;}\u00bb][\/vc_column][\/vc_row][vc_row content_placement=\u00bbmiddle\u00bb pix_particles_check=\u00bb\u00bb css=\u00bb.vc_custom_1591436044122{padding-top: 60px !important;}\u00bb][vc_column content_align=\u00bbtext-center\u00bb css=\u00bb.vc_custom_1591436052871{padding-right:...\" \/>\n<meta property=\"og:url\" content=\"https:\/\/moralescasa.com\/es\/cortinas\/tradicionales\/\" \/>\n<meta property=\"og:site_name\" content=\"Morales Casa\" \/>\n<meta property=\"article:publisher\" content=\"https:\/\/es-la.facebook.com\/moralesCasa\/\" \/>\n<meta property=\"article:modified_time\" content=\"2023-08-19T09:39:14+00:00\" \/>\n<meta property=\"og:image\" content=\"https:\/\/moralescasa.com\/wp-content\/uploads\/2023\/07\/cortines-tradicionals-morales-casa-9.jpg\" \/>\n\t<meta property=\"og:image:width\" content=\"1024\" \/>\n\t<meta property=\"og:image:height\" content=\"683\" \/>\n\t<meta property=\"og:image:type\" content=\"image\/jpeg\" \/>\n<meta name=\"twitter:card\" content=\"summary_large_image\" \/>\n<meta name=\"twitter:label1\" content=\"Tiempo de lectura\" \/>\n\t<meta name=\"twitter:data1\" content=\"5 minutos\" \/>\n<script type=\"application\/ld+json\" class=\"yoast-schema-graph\">{\"@context\":\"https:\\\/\\\/schema.org\",\"@graph\":[{\"@type\":\"WebPage\",\"@id\":\"https:\\\/\\\/moralescasa.com\\\/es\\\/cortinas\\\/tradicionales\\\/\",\"url\":\"https:\\\/\\\/moralescasa.com\\\/es\\\/cortinas\\\/tradicionales\\\/\",\"name\":\"Cortinas Tradicionales - Morales Casa\",\"isPartOf\":{\"@id\":\"https:\\\/\\\/moralescasa.com\\\/es\\\/#website\"},\"primaryImageOfPage\":{\"@id\":\"https:\\\/\\\/moralescasa.com\\\/es\\\/cortinas\\\/tradicionales\\\/#primaryimage\"},\"image\":{\"@id\":\"https:\\\/\\\/moralescasa.com\\\/es\\\/cortinas\\\/tradicionales\\\/#primaryimage\"},\"thumbnailUrl\":\"https:\\\/\\\/moralescasa.com\\\/wp-content\\\/uploads\\\/2023\\\/07\\\/cortines-tradicionals-morales-casa-9.jpg\",\"datePublished\":\"2023-03-17T16:28:08+00:00\",\"dateModified\":\"2023-08-19T09:39:14+00:00\",\"breadcrumb\":{\"@id\":\"https:\\\/\\\/moralescasa.com\\\/es\\\/cortinas\\\/tradicionales\\\/#breadcrumb\"},\"inLanguage\":\"es\",\"potentialAction\":[{\"@type\":\"ReadAction\",\"target\":[\"https:\\\/\\\/moralescasa.com\\\/es\\\/cortinas\\\/tradicionales\\\/\"]}]},{\"@type\":\"ImageObject\",\"inLanguage\":\"es\",\"@id\":\"https:\\\/\\\/moralescasa.com\\\/es\\\/cortinas\\\/tradicionales\\\/#primaryimage\",\"url\":\"https:\\\/\\\/moralescasa.com\\\/wp-content\\\/uploads\\\/2023\\\/07\\\/cortines-tradicionals-morales-casa-9.jpg\",\"contentUrl\":\"https:\\\/\\\/moralescasa.com\\\/wp-content\\\/uploads\\\/2023\\\/07\\\/cortines-tradicionals-morales-casa-9.jpg\",\"width\":1024,\"height\":683},{\"@type\":\"BreadcrumbList\",\"@id\":\"https:\\\/\\\/moralescasa.com\\\/es\\\/cortinas\\\/tradicionales\\\/#breadcrumb\",\"itemListElement\":[{\"@type\":\"ListItem\",\"position\":1,\"name\":\"Inici\",\"item\":\"https:\\\/\\\/moralescasa.com\\\/es\\\/\"},{\"@type\":\"ListItem\",\"position\":2,\"name\":\"Cortinas\",\"item\":\"https:\\\/\\\/moralescasa.com\\\/es\\\/cortinas\\\/\"},{\"@type\":\"ListItem\",\"position\":3,\"name\":\"Cortinas Tradicionales\"}]},{\"@type\":\"WebSite\",\"@id\":\"https:\\\/\\\/moralescasa.com\\\/es\\\/#website\",\"url\":\"https:\\\/\\\/moralescasa.com\\\/es\\\/\",\"name\":\"Morales Casa\",\"description\":\"\",\"publisher\":{\"@id\":\"https:\\\/\\\/moralescasa.com\\\/es\\\/#organization\"},\"potentialAction\":[{\"@type\":\"SearchAction\",\"target\":{\"@type\":\"EntryPoint\",\"urlTemplate\":\"https:\\\/\\\/moralescasa.com\\\/es\\\/?s={search_term_string}\"},\"query-input\":{\"@type\":\"PropertyValueSpecification\",\"valueRequired\":true,\"valueName\":\"search_term_string\"}}],\"inLanguage\":\"es\"},{\"@type\":\"Organization\",\"@id\":\"https:\\\/\\\/moralescasa.com\\\/es\\\/#organization\",\"name\":\"Morales Casa\",\"url\":\"https:\\\/\\\/moralescasa.com\\\/es\\\/\",\"logo\":{\"@type\":\"ImageObject\",\"inLanguage\":\"es\",\"@id\":\"https:\\\/\\\/moralescasa.com\\\/es\\\/#\\\/schema\\\/logo\\\/image\\\/\",\"url\":\"https:\\\/\\\/moralescasa.com\\\/wp-content\\\/uploads\\\/2023\\\/03\\\/favicon.png\",\"contentUrl\":\"https:\\\/\\\/moralescasa.com\\\/wp-content\\\/uploads\\\/2023\\\/03\\\/favicon.png\",\"width\":120,\"height\":120,\"caption\":\"Morales Casa\"},\"image\":{\"@id\":\"https:\\\/\\\/moralescasa.com\\\/es\\\/#\\\/schema\\\/logo\\\/image\\\/\"},\"sameAs\":[\"https:\\\/\\\/es-la.facebook.com\\\/moralesCasa\\\/\",\"https:\\\/\\\/www.instagram.com\\\/morales.casa\\\/\",\"https:\\\/\\\/www.linkedin.com\\\/company\\\/morales-casa\\\/about\\\/\"]}]}<\/script>\n<!-- \/ Yoast SEO plugin. -->","yoast_head_json":{"title":"Cortinas Tradicionales - Morales Casa","robots":{"index":"index","follow":"follow","max-snippet":"max-snippet:-1","max-image-preview":"max-image-preview:large","max-video-preview":"max-video-preview:-1"},"canonical":"https:\/\/moralescasa.com\/es\/cortinas\/tradicionales\/","og_locale":"es_ES","og_type":"article","og_title":"Cortinas Tradicionales - Morales Casa","og_description":"[vc_row full_width=\u00bbstretch_row\u00bb content_placement=\u00bbmiddle\u00bb pix_particles_check=\u00bb\u00bb css=\u00bb.vc_custom_1686932912011{margin-top: 20px !important;padding-top: 60px !important;padding-bottom: 0px !important;background-color: #ffffff !important;}\u00bb][vc_column content_align=\u00bbtext-center\u00bb css=\u00bb.vc_custom_1592137735614{padding-right: 30px !important;padding-left: 30px !important;}\u00bb][\/vc_column][\/vc_row][vc_section full_width=\u00bbstretch_row\u00bb pix_over_visibility=\u00bb\u00bb css=\u00bb.vc_custom_1689616643170{padding-top: 20px !important;padding-bottom: 80px !important;background-color: #ffffff !important;}\u00bb][vc_row full_width=\u00bbstretch_row\u00bb pix_particles_check=\u00bb\u00bb][vc_column css=\u00bb.vc_custom_1590711921348{margin-top: 40px !important;}\u00bb][\/vc_column][\/vc_row][vc_row content_placement=\u00bbmiddle\u00bb pix_particles_check=\u00bb\u00bb css=\u00bb.vc_custom_1591436044122{padding-top: 60px !important;}\u00bb][vc_column content_align=\u00bbtext-center\u00bb css=\u00bb.vc_custom_1591436052871{padding-right:...","og_url":"https:\/\/moralescasa.com\/es\/cortinas\/tradicionales\/","og_site_name":"Morales Casa","article_publisher":"https:\/\/es-la.facebook.com\/moralesCasa\/","article_modified_time":"2023-08-19T09:39:14+00:00","og_image":[{"width":1024,"height":683,"url":"https:\/\/moralescasa.com\/wp-content\/uploads\/2023\/07\/cortines-tradicionals-morales-casa-9.jpg","type":"image\/jpeg"}],"twitter_card":"summary_large_image","twitter_misc":{"Tiempo de lectura":"5 minutos"},"schema":{"@context":"https:\/\/schema.org","@graph":[{"@type":"WebPage","@id":"https:\/\/moralescasa.com\/es\/cortinas\/tradicionales\/","url":"https:\/\/moralescasa.com\/es\/cortinas\/tradicionales\/","name":"Cortinas Tradicionales - Morales Casa","isPartOf":{"@id":"https:\/\/moralescasa.com\/es\/#website"},"primaryImageOfPage":{"@id":"https:\/\/moralescasa.com\/es\/cortinas\/tradicionales\/#primaryimage"},"image":{"@id":"https:\/\/moralescasa.com\/es\/cortinas\/tradicionales\/#primaryimage"},"thumbnailUrl":"https:\/\/moralescasa.com\/wp-content\/uploads\/2023\/07\/cortines-tradicionals-morales-casa-9.jpg","datePublished":"2023-03-17T16:28:08+00:00","dateModified":"2023-08-19T09:39:14+00:00","breadcrumb":{"@id":"https:\/\/moralescasa.com\/es\/cortinas\/tradicionales\/#breadcrumb"},"inLanguage":"es","potentialAction":[{"@type":"ReadAction","target":["https:\/\/moralescasa.com\/es\/cortinas\/tradicionales\/"]}]},{"@type":"ImageObject","inLanguage":"es","@id":"https:\/\/moralescasa.com\/es\/cortinas\/tradicionales\/#primaryimage","url":"https:\/\/moralescasa.com\/wp-content\/uploads\/2023\/07\/cortines-tradicionals-morales-casa-9.jpg","contentUrl":"https:\/\/moralescasa.com\/wp-content\/uploads\/2023\/07\/cortines-tradicionals-morales-casa-9.jpg","width":1024,"height":683},{"@type":"BreadcrumbList","@id":"https:\/\/moralescasa.com\/es\/cortinas\/tradicionales\/#breadcrumb","itemListElement":[{"@type":"ListItem","position":1,"name":"Inici","item":"https:\/\/moralescasa.com\/es\/"},{"@type":"ListItem","position":2,"name":"Cortinas","item":"https:\/\/moralescasa.com\/es\/cortinas\/"},{"@type":"ListItem","position":3,"name":"Cortinas Tradicionales"}]},{"@type":"WebSite","@id":"https:\/\/moralescasa.com\/es\/#website","url":"https:\/\/moralescasa.com\/es\/","name":"Morales Casa","description":"","publisher":{"@id":"https:\/\/moralescasa.com\/es\/#organization"},"potentialAction":[{"@type":"SearchAction","target":{"@type":"EntryPoint","urlTemplate":"https:\/\/moralescasa.com\/es\/?s={search_term_string}"},"query-input":{"@type":"PropertyValueSpecification","valueRequired":true,"valueName":"search_term_string"}}],"inLanguage":"es"},{"@type":"Organization","@id":"https:\/\/moralescasa.com\/es\/#organization","name":"Morales Casa","url":"https:\/\/moralescasa.com\/es\/","logo":{"@type":"ImageObject","inLanguage":"es","@id":"https:\/\/moralescasa.com\/es\/#\/schema\/logo\/image\/","url":"https:\/\/moralescasa.com\/wp-content\/uploads\/2023\/03\/favicon.png","contentUrl":"https:\/\/moralescasa.com\/wp-content\/uploads\/2023\/03\/favicon.png","width":120,"height":120,"caption":"Morales Casa"},"image":{"@id":"https:\/\/moralescasa.com\/es\/#\/schema\/logo\/image\/"},"sameAs":["https:\/\/es-la.facebook.com\/moralesCasa\/","https:\/\/www.instagram.com\/morales.casa\/","https:\/\/www.linkedin.com\/company\/morales-casa\/about\/"]}]}},"_links":{"self":[{"href":"https:\/\/moralescasa.com\/es\/wp-json\/wp\/v2\/pages\/14108","targetHints":{"allow":["GET"]}}],"collection":[{"href":"https:\/\/moralescasa.com\/es\/wp-json\/wp\/v2\/pages"}],"about":[{"href":"https:\/\/moralescasa.com\/es\/wp-json\/wp\/v2\/types\/page"}],"author":[{"embeddable":true,"href":"https:\/\/moralescasa.com\/es\/wp-json\/wp\/v2\/users\/1"}],"replies":[{"embeddable":true,"href":"https:\/\/moralescasa.com\/es\/wp-json\/wp\/v2\/comments?post=14108"}],"version-history":[{"count":6,"href":"https:\/\/moralescasa.com\/es\/wp-json\/wp\/v2\/pages\/14108\/revisions"}],"predecessor-version":[{"id":14186,"href":"https:\/\/moralescasa.com\/es\/wp-json\/wp\/v2\/pages\/14108\/revisions\/14186"}],"up":[{"embeddable":true,"href":"https:\/\/moralescasa.com\/es\/wp-json\/wp\/v2\/pages\/14126"}],"wp:featuredmedia":[{"embeddable":true,"href":"https:\/\/moralescasa.com\/es\/wp-json\/wp\/v2\/media\/13596"}],"wp:attachment":[{"href":"https:\/\/moralescasa.com\/es\/wp-json\/wp\/v2\/media?parent=14108"}],"curies":[{"name":"wp","href":"https:\/\/api.w.org\/{rel}","templated":true}]}}